{"id":306,"date":"2026-02-10T17:53:52","date_gmt":"2026-02-10T16:53:52","guid":{"rendered":"http:\/\/memco.local\/?page_id=306"},"modified":"2026-04-16T19:59:26","modified_gmt":"2026-04-16T17:59:26","slug":"infos","status":"publish","type":"page","link":"https:\/\/www.yanncourte.fr\/en\/infos\/","title":{"rendered":"Infos"},"content":{"rendered":"<p><\/p>\n\n\n\n<div style=\"height:44px\" aria-hidden=\"true\" class=\"wp-block-spacer\"><\/div>\n\n\n\n<div class=\"wp-block-media-text is-stacked-on-mobile is-vertically-aligned-bottom\" style=\"grid-template-columns:40% auto\"><figure class=\"wp-block-media-text__media\"><img loading=\"lazy\" decoding=\"async\" width=\"1024\" height=\"682\" src=\"https:\/\/www.yanncourte.fr\/wp-content\/uploads\/2026\/04\/P1058604-1024x682.jpg\" alt=\"\" class=\"wp-image-1357 size-full\" srcset=\"https:\/\/www.yanncourte.fr\/wp-content\/uploads\/2026\/04\/P1058604-1024x682.jpg 1024w, https:\/\/www.yanncourte.fr\/wp-content\/uploads\/2026\/04\/P1058604-300x200.jpg 300w, https:\/\/www.yanncourte.fr\/wp-content\/uploads\/2026\/04\/P1058604-150x100.jpg 150w, https:\/\/www.yanncourte.fr\/wp-content\/uploads\/2026\/04\/P1058604-768x512.jpg 768w, https:\/\/www.yanncourte.fr\/wp-content\/uploads\/2026\/04\/P1058604-1536x1024.jpg 1536w, https:\/\/www.yanncourte.fr\/wp-content\/uploads\/2026\/04\/P1058604-18x12.jpg 18w, https:\/\/www.yanncourte.fr\/wp-content\/uploads\/2026\/04\/P1058604.jpg 2000w\" sizes=\"auto, (max-width: 1024px) 100vw, 1024px\" \/><\/figure><div class=\"wp-block-media-text__content\">\n<p class=\"has-small-font-size\">Contact : yann.courte.photo@gmail.com<\/p>\n\n\n\n<figure class=\"wp-block-image alignright size-full is-resized\"><a href=\"https:\/\/www.instagram.com\/memoire.courte\/\" target=\"_blank\" rel=\" noreferrer noopener\"><img loading=\"lazy\" decoding=\"async\" width=\"50\" height=\"50\" src=\"https:\/\/www.yanncourte.fr\/wp-content\/uploads\/2026\/03\/insta-icon-50px.png\" alt=\"\" class=\"wp-image-1267\" style=\"width:35px;height:auto\"\/><\/a><\/figure>\n<\/div><\/div>\n\n\n\n<div style=\"height:44px\" aria-hidden=\"true\" class=\"wp-block-spacer\"><\/div>\n\n\n\n<p>Yann Court\u00e9 creates photographic work rooted in the experience of places and movement. Coming from video, his practice moves between documentary and a more personal approach, developed from the south of France.<\/p>\n\n\n\n<p>His images have been shown in exhibitions and festivals.<\/p>\n\n\n\n<div style=\"height:43px\" aria-hidden=\"true\" class=\"wp-block-spacer\"><\/div>\n\n\n\n<div class=\"wp-block-group alignfull is-layout-constrained wp-block-group-is-layout-constrained\">\n<figure class=\"wp-block-table alignfull timeline has-inter-font-family has-medium-font-size\" style=\"padding-top:0;padding-right:0;padding-bottom:0;padding-left:0\"><table style=\"border-style:none;border-width:0px\"><tbody><tr><td><strong>2026<\/strong>         <\/td><td class=\"has-text-align-left\" data-align=\"left\"><em>El Agua Nos Llama<\/em> (photography), multidisciplinary group exhibition, The Local AIR Gallery, Valencia<\/td><\/tr><tr><td><strong>2025<\/strong><\/td><td class=\"has-text-align-left\" data-align=\"left\"><em>Aux quatre vents<\/em> (photography), Hors Cadre Festival, B\u00e9ziers<\/td><\/tr><tr><td><strong>2015-2016   <\/strong><\/td><td class=\"has-text-align-left\" data-align=\"left\"><em>Au Bon Endroit<\/em> (short film), Festi-Court, Corconne; Paul Simon International Short Film Festival, Binic; Vichy Short Film Festival; Tr\u00e8s Court International Film Festival (more than 60 cities, 20 countries); Festival International du Film Grolandais, Toulouse; Les \u00c9crans de l\u2019Humour, Marseille; Nikon Film Festival. TV broadcast: Com\u00e9die+ and T\u00e9l\u00e9 Bocal<\/td><\/tr><tr><td><strong>2013-2014<\/strong><\/td><td class=\"has-text-align-left\" data-align=\"left\"><em>Des Hommes et des Elles<\/em> (video series), multidisciplinary group exhibition, Espace Saint-Ravy (Montpellier); Jet\u00e9e des Bains des P\u00e2quis (Geneva); Palais des Rois de Majorque (Perpignan); Espace des Diversit\u00e9s (Toulouse); Mairie du 12e (Paris)<\/td><\/tr><tr><td><strong>2012<\/strong><\/td><td class=\"has-text-align-left\" data-align=\"left\"><em>Un Reportage Cochon<\/em> (short film), Saint Jean du Gard Documentary Film Festival<\/td><\/tr><tr><td><strong>2005<\/strong><\/td><td class=\"has-text-align-left\" data-align=\"left\"><em>8990RV34<\/em> (short film), Festival J\u2019me Fais Mon Cin\u00e9ma, B\u00e9ziers (Audience Award)<\/td><\/tr><\/tbody><\/table><\/figure>\n<\/div>","protected":false},"excerpt":{"rendered":"<p>Yann Court\u00e9 construit un travail photographique ancr\u00e9 dans l\u2019exp\u00e9rience des lieux et des d\u00e9placements. Issu de la vid\u00e9o, il oscille entre documentaire et une approche plus sensible. Ses images ont \u00e9t\u00e9 pr\u00e9sent\u00e9es dans le cadre d\u2019expositions et de festivals. 2026 El Agua Nos Llama (photographie), exposition collective pluridisciplinaire, The Local AIR Gallery, Valencia 2025 Aux [&hellip;]<\/p>\n","protected":false},"author":1,"featured_media":0,"parent":0,"menu_order":1,"comment_status":"closed","ping_status":"closed","template":"","meta":{"footnotes":""},"class_list":["post-306","page","type-page","status-publish","hentry"],"_links":{"self":[{"href":"https:\/\/www.yanncourte.fr\/en\/wp-json\/wp\/v2\/pages\/306","targetHints":{"allow":["GET"]}}],"collection":[{"href":"https:\/\/www.yanncourte.fr\/en\/wp-json\/wp\/v2\/pages"}],"about":[{"href":"https:\/\/www.yanncourte.fr\/en\/wp-json\/wp\/v2\/types\/page"}],"author":[{"embeddable":true,"href":"https:\/\/www.yanncourte.fr\/en\/wp-json\/wp\/v2\/users\/1"}],"replies":[{"embeddable":true,"href":"https:\/\/www.yanncourte.fr\/en\/wp-json\/wp\/v2\/comments?post=306"}],"version-history":[{"count":62,"href":"https:\/\/www.yanncourte.fr\/en\/wp-json\/wp\/v2\/pages\/306\/revisions"}],"predecessor-version":[{"id":1358,"href":"https:\/\/www.yanncourte.fr\/en\/wp-json\/wp\/v2\/pages\/306\/revisions\/1358"}],"wp:attachment":[{"href":"https:\/\/www.yanncourte.fr\/en\/wp-json\/wp\/v2\/media?parent=306"}],"curies":[{"name":"wp","href":"https:\/\/api.w.org\/{rel}","templated":true}]}}